{"id":89082,"date":"2021-11-08T09:21:02","date_gmt":"2021-11-08T09:21:02","guid":{"rendered":"https:\/\/capitalcare.es\/avis-legal\/"},"modified":"2022-06-14T09:14:23","modified_gmt":"2022-06-14T09:14:23","slug":"avis-legal","status":"publish","type":"page","link":"https:\/\/capitalcare.es\/ca\/avis-legal\/","title":{"rendered":"Av\u00eds legal"},"content":{"rendered":"<div class=\"wpb-content-wrapper\"><p>[vc_row][vc_column column_width_percent=&#8221;75&#8243; gutter_size=&#8221;3&#8243; overlay_alpha=&#8221;50&#8243; shift_x=&#8221;0&#8243; shift_y=&#8221;0&#8243; shift_y_down=&#8221;0&#8243; z_index=&#8221;0&#8243; medium_width=&#8221;0&#8243; mobile_width=&#8221;0&#8243; width=&#8221;1\/1&#8243; uncode_shortcode_id=&#8221;205787&#8243;][vc_custom_heading uncode_shortcode_id=&#8221;650199&#8243;]Av\u00eds legal[\/vc_custom_heading][vc_column_text uncode_shortcode_id=&#8221;491775&#8243;]Aquesta p\u00e0gina Web \u00e9s propietat de CAPITAL CARE CONSULTING EAF, S.L. amb NIF n\u00ba B66222241 i domicili a Passeig de Gracia, 59 2\u00ba1\u00aa ( 08007 Barcelona ) i inscrita en el Registre Mercantil de Barcelona , al tom 44174, foli 0130, secci\u00f3 general, fulla n\u00famero 448659 i en el Registre d&#8217;Empreses D&#8217;assesorament Financier de la CNMV amb el n\u00famero 139<\/p>\n<p>Per a qualsevol consulta o proposta, contacti&#8217;ns en l&#8217;e-mail: <a href=\"mailto:info@capitalcare.es\"><strong>info@capitalcare.es<\/strong><\/a><\/p>\n<p>Aquesta p\u00e0gina web es regeix exclusivament per la normativa aplicable en Espa\u00f1a, quedant sotmesa a ella les persones, tant nacionals com estrangeres que la utilitzin.<\/p>\n<p>L&#8217;acc\u00e9s a la nostra p\u00e0gina Web per part de l&#8217;USUARI \u00e9s gratu\u00eft i est\u00e0 condicionat a la pr\u00e8via lectura i aceptaci\u00f3 integra, expressa i sense reserves de les presents CONDICIONS GENERALS D&#8217;\u00daS vigent en el moment de l&#8217;acc\u00e9s, que preguem llegeixi detenidament. L&#8217;USUARI en el moment que utilitza el nostre portal, els seus continguts o serveis, accepta i se somet expressament a les condicions generals d&#8217;\u00fas del mateix. Si l&#8217;usuari no estigu\u00e9s d&#8217;acord amb aquestes condicions d&#8217;\u00fas, s&#8217;haur\u00e0 d&#8217;abstenir d&#8217;utilitzar aquest portal i d&#8217;operar per mitj\u00e0 d&#8217;aquest.<\/p>\n<p>En qualsevol moment podrem modificar la presentaci\u00f3 i configuraci\u00f3 de la nostra Web, ampliar o reduir serveis, i fins i tot suprimir-la de la Red, aix\u00ed com els serveis i continguts prestants, tot aix\u00f2 de forma unilateral i sense previ av\u00eds.<\/p>\n<p>&nbsp;<\/p>\n<p><strong>PROPIETAT INTEL\u00b7LECTUAL<\/strong><\/p>\n<p>Tots els continguts, textos, imatges, marques i codis font s\u00f3n propietat nostra o de tercers a qui s&#8217;han adquirit els seus drets d&#8217;explotaci\u00f3, i estan protegits per els drets de Propietat Intel\u00b7lectual i Industrial.<\/p>\n<p>L&#8217;usuari \u00fanicament t\u00e9 dret a un \u00fas privat dels mateixos, sense \u00e0nim de lucre, i necesssita autorizaci\u00f3 expressa per modificar-los, reproduir-los, explotar-los, distribuir-los o exercir qualsevol dret pertanyent al titular.<\/p>\n<p>&nbsp;<\/p>\n<p><strong style=\"font-family: -apple-system, BlinkMacSystemFont, 'Segoe UI', Roboto, Oxygen-Sans, Ubuntu, Cantarell, 'Helvetica Neue', sans-serif;\">CONDICIONS D&#8217;ACC\u00c9S<\/strong><\/p>\n<p>l&#8217;acc\u00e9s a la nostra p\u00e0gina Web \u00e9s gratu\u00eft i no exigeix pr\u00e8via subscripci\u00f3 o registre.<\/p>\n<p>L&#8217;enviament de dades personals implica l&#8217;acceptaci\u00f3 expressa per part de l&#8217;USUARI de la nostra pol\u00edtica de privacitat.<\/p>\n<p>L&#8217;usuari ha d&#8217;accedir a la nostra p\u00e0gina Web conforme a la bona fe, les normes d&#8217;ordren p\u00fablic i a les presents Condicions Generals d&#8217;\u00fas. L&#8217;acc\u00e9s al nostre lloc Web es realitza sota la pr\u00f2pia i exclusiva responsabilitat de l&#8217;usuari, que respondr\u00e0 en tot cas dels danys i prejudicis que pugui causar a tercers o a nosaltres mateixos.<\/p>\n<p>Tenint en compte la impossibilitat de control respecte a la informaci\u00f3, continguts i serveis que continguin altres p\u00e0gines web als que es pugui accedir a trav\u00e9s dels enlla\u00e7os que la nostra p\u00e0gina web pugui posar a la seva disposici\u00f3, us comuniquem que quedem eximits de qualsevol responsabilitat pels danys i prejudicis de tota mena que puguessin derivar per la utilitzaci\u00f3 d&#8217;aquestes p\u00e0gines, alienes a la nostra empresa, per part de l&#8217;usuari.<\/p>\n<p>&nbsp;<\/p>\n<p><strong style=\"font-family: -apple-system, BlinkMacSystemFont, 'Segoe UI', Roboto, Oxygen-Sans, Ubuntu, Cantarell, 'Helvetica Neue', sans-serif;\">POL\u00cdTICA DE PRIVADESA<\/strong><\/p>\n<p>La confidencialitat i la seguretat s\u00f3n valors primordials de CAPITAL CARE CONSULTING EAFI, S.L. i, en conseq\u00fc\u00e8ncia, assumim el comprom\u00eds de garantitzar la privadesa de l&#8217;Usuari en tot moment i de no demanar informaci\u00f3 innecess\u00e0ria. A continuaci\u00f3, li proporcionem tota la informaci\u00f3 necess\u00e0ria sobre la nostra Pol\u00edtica de Privadesa en relaci\u00f3 amb les dades personals que recollim, explicant-li:<\/p>\n<ul>\n<li>Qui \u00e9s el responsable del tractament de les seves dades.<\/li>\n<li>Per a quines finalitats recaptem les dades que li sol\u00b7licitem.<\/li>\n<li>Quina \u00e9s la legitimaci\u00f3 per al seu tractament.<\/li>\n<li>Durant quant de temps els conservem.<\/li>\n<li> A quins destinataris es comuniquen les seves dades.<\/li>\n<li>Quins s\u00f3n els seus drets i com exercir-los.<\/li>\n<\/ul>\n<p>RESPONSABLE: veure dades a l&#8217;encap\u00e7alament.<\/p>\n<p>FINALITATS, LEGITIMACI\u00d3 I CONSERVACI\u00d3 dels tractaments de les dades enviades a trav\u00e9s de:<\/p>\n<ul>\n<li><u>Formulari del Contacte<\/u>.<\/li>\n<\/ul>\n<p>Finalitat: Facilitar-li un mitj\u00e0 perqu\u00e8 pugui posar-se en contacte amb nosaltres i contestar les seves sol\u00b7licituds d&#8217;informaci\u00f3, aix\u00ed com enviar comunicacions dels nostres productes, serveis i activitats, inclusivament per mitjans electr\u00f2nics (correu electr\u00f2nic, SMS, etc.), si marca la casella d\u00b4acceptaci\u00f3.<\/p>\n<p>Legitimaci\u00f3: El consentiment de l&#8217;usuari en sol\u00b7licitar-nos informaci\u00f3 a trav\u00e9s del nostre formulari de contactes i marcar la casella d&#8217;acceptaci\u00f3 d&#8217;enviament d&#8217;informaci\u00f3.<\/p>\n<p>Conservaci\u00f3: Un cop resolta la vostra sol\u00b7licitud per mitj\u00e0 del nostre formulari o contestada per correu electr\u00f2nic, si no heu generat un nou tractament, i en cas d&#8217;haver acceptat rebre enviaments comercials, fins que sol\u00b7liciti la baixa dels mateixos.<\/p>\n<ul>\n<li><u>Enviament de correus electr\u00f2nics.<\/u><\/li>\n<\/ul>\n<p>Finalitat: Contestar les vostres sol\u00b7licituds d&#8217;informaci\u00f3, atendre les peticions i respondre les consultes o dubtes. En cas de rebre el seu Curr\u00edculum Vitae, les vostres dades personals i curriculars podran formar part de les nostres bases de dades per participar en els nostres processos de selecci\u00f3 presents i futurs.<\/p>\n<p>Legitimaci\u00f3: El consentiment de l&#8217;usuari en sol\u00b7licitar-nos informaci\u00f3 a trav\u00e9s de l&#8217;adre\u00e7a de correu electr\u00f2nic o enviar-nos les vostres dades i CV per participar en els nostres processos de selecci\u00f3.<\/p>\n<p>Conservaci\u00f3: Un cop resolta i contestada la vostra petici\u00f3 per correu electr\u00f2nic, si no heu generat un nou tractament. En el cas de rebre el vostre CV, les vostres dades podran ser conservades durant un any m\u00e0xim per a futurs processos de sel\u00b7lecci\u00f3.<\/p>\n<p><strong>Obligaci\u00f3 de facilitar-nos les vostres dades personals i conseq\u00fc\u00e8ncies de no fer-ho.<\/strong><\/p>\n<p>El subministrament de dades personals requereix una edat m\u00ednima de 14 anys o, si escau, l&#8217;edat m\u00ednima que estableixi la normativa de protecci\u00f3 de dades aplicable i\/o disposar de capacitat jur\u00eddica suficient per contractar.<\/p>\n<p>Les dades personals sol\u00b7licitades s\u00f3n necess\u00e0ries per gestionar les seves sol\u00b7licituds, donar-li d&#8217;alta com a usuari i\/o prestar-li els serveis que pugui contractar, per la qual cosa, si no ens les facilita, no podrem atendre&#8217;l correctament ni prestar-li el servei que ha sol\u00b7licitat.<\/p>\n<p>En tot cas, ens reservem el dret de decidir sobre la incorporaci\u00f3 o no de les vostres dades personals i altra informaci\u00f3 a les nostres bases de dades.<\/p>\n<ul>\n<li>DESTINATARIS DE LES SEVES DADES.<\/li>\n<\/ul>\n<p>Les vostres dades s\u00f3n confidencials i no se cediran a tercers, llevat que hi hagi obligaci\u00f3 legal.<\/p>\n<ul>\n<li>COOKIES<\/li>\n<\/ul>\n<p>Aquesta p\u00e0gina Web pot utilitzar cookies per\u00f2 que en cap cas tracten dades de car\u00e0cter personal, capten h\u00e0bits de navegaci\u00f3 de l&#8217;usuari ni s\u00f3n utilitzades amb finalitats publicit\u00e0ries, i que per tant queden exceptuades del compliment de les obligacions establertes a l&#8217;article 22 de la Llei de Serveis de la Societat de la Informaci\u00f3. Aix\u00f2 no obstant, l&#8217;usuari consent l&#8217;\u00fas de les cookies que ens permetin la comunicaci\u00f3 entre l&#8217;equip de l&#8217;usuari i la xarxa, prestar un servei expressament sol\u00b7licitat per l&#8217;usuari, l&#8217;autenticaci\u00f3 o identificaci\u00f3 d&#8217;usuari (\u00fanicament de sessi\u00f3), donar seguretat a l&#8217;usuari , sessions de reproductor multim\u00e8dia, sessions per equilibrar la c\u00e0rrega, la personalitzaci\u00f3 de la interf\u00edcie d&#8217;usuari i de complements (plug-in) i intercanviar continguts socials. De tota manera, l&#8217;usuari si ho desitja pot desactivar i\/o eliminar aquestes cookies seguint les instruccions del navegador d&#8217;Internet.<\/p>\n<ul>\n<li>DRETS EN RELACI\u00d3 AMB LES SEVES DADES PERSONALS.<\/li>\n<\/ul>\n<p>Qualsevol persona pot retirar el seu consentiment en qualsevol moment, quan aquest s&#8217;hagi atorgat per al tractament de les dades. En cap cas, la retirada d&#8217;aquest consentiment no condiciona l&#8217;execuci\u00f3 del contracte de subscripci\u00f3 o les relacions generades amb anterioritat.<\/p>\n<p>Igualment, pot exercir els drets seg\u00fcents:<\/p>\n<ul>\n<li>Sol\u00b7licitar l&#8217;acc\u00e9s a les vostres dades personals o la seva rectificaci\u00f3 quan siguin inexactes.<\/li>\n<li>Sol\u00b7licitar la seva supressi\u00f3 quan, entre altres motius, les dades ja no siguin necess\u00e0ries per a les finalitats per a les quals van ser recollides.<\/li>\n<li>Sol\u00b7licitar la limitaci\u00f3 del seu tractament en determinades circumst\u00e0ncies.<\/li>\n<li>Sol\u00b7licitar l&#8217;oposici\u00f3 al tractament de les vostres dades per motius relacionats amb la vostra situaci\u00f3 particular.<\/li>\n<li>Sol\u00b7licitar la portabilitat de les dades en els casos previstos a la normativa.<\/li>\n<li>Altres drets reconeguts a les normatives aplicables.<\/li>\n<\/ul>\n<p><u>On i com sol\u00b7licitar els seus Drets<\/u>: Mitjan\u00e7ant un escrit dirigit al responsable a la seva adre\u00e7a postal o electr\u00f2nica (indicades a l&#8217;apartat A), indicant la refer\u00e8ncia \u201cDades Personals\u201d, especificant el dret que es vol exercir i respecte a quines dades personals.<\/p>\n<p>En cas de diverg\u00e8ncies amb l&#8217;empresa en relaci\u00f3 amb el tractament de les vostres dades, podeu presentar una reclamaci\u00f3 davant l&#8217;Ag\u00e8ncia de Protecci\u00f3 de Dades (www.agpd.es).<\/p>\n<ul>\n<li>SEGURETAT DE LES SEVES DADES PERSONALS<\/li>\n<\/ul>\n<p>Amb l&#8217;objectiu de salvaguardar la seguretat de les vostres dades personals, us informem que hem adoptat totes les mesures d&#8217;\u00edndole t\u00e8cnica i organitzativa necess\u00e0ries per garantir la seguretat de les dades personals subministrades de la vostra alteraci\u00f3, p\u00e8rdua i tractaments o accessos no autoritzats.<\/p>\n<ul>\n<li>ACTUALITZACI\u00d3 DE LES SEVES DADES<\/li>\n<\/ul>\n<p>\u00c9s important que per tal de que puguem mantenir les vostres dades personals actualitzades, ens informin sempre que hi hagi hagut alguna modificaci\u00f3 en elles, en cas contrari, no responem de la seva veracitat.<\/p>\n<p>No ens fem responsables de la pol\u00edtica de privadesa respecte a les dades personals que pugui facilitar a tercers per mitj\u00e0 dels enlla\u00e7os disponibles a la nostra p\u00e0gina web.<\/p>\n<p>Aquesta Pol\u00edtica de Privadesa ha estat modificada en data 21 d&#8217;abril de 2022 i pot ser modificada per adaptar-la als canvis que es produeixi a la nostra web, aix\u00ed com modificacions legislatives o jurisprudencials sobre dades personals que vagin apareixent, per la qual cosa exigeix la seva lectura, cada vegada que ens faciliti les dades a trav\u00e9s d&#8217;aquesta Web.<\/p>\n<p>&nbsp;<\/p>\n<p><strong>RESPONSABILITATS<\/strong><\/p>\n<p>En posar a disposici\u00f3 de l&#8217;usuari aquesta p\u00e0gina web volem oferir-vos un servei de qualitat, utilitzant la m\u00e0xima dilig\u00e8ncia en la prestaci\u00f3 del mateix, aix\u00ed com en els mitjans tecnol\u00f2gics utilitzats. Tot i aix\u00f2, no respondrem de la pres\u00e8ncia de virus i altres elements que d&#8217;alguna manera puguin danyar el sistema inform\u00e0tic de l&#8217;usuari.<\/p>\n<p>No garantim que la disponibilitat del servei sigui continuada i ininterrompuda.<\/p>\n<p>L&#8217;USUARI t\u00e9 prohibit qualsevol tipus d&#8217;acci\u00f3 sobre el nostre portal que origini una excessiva sobrec\u00e0rrega de funcionament als nostres sistemes inform\u00e0tics, aix\u00ed com la introducci\u00f3 de virus, o instal\u00b7laci\u00f3 de robots, o programari que alteri el funcionament normal de la nostra web, o en definitiva pugui causar danys als nostres sistemes inform\u00e0tics.<\/p>\n<p>L&#8217;USUARI assumeix tota la responsabilitat derivada de l&#8217;\u00fas de la nostra p\u00e0gina web.<\/p>\n<p>L&#8217;USUARI reconeix que ha ent\u00e8s tota la informaci\u00f3 respecte a les condicions d&#8217;\u00fas del nostre portal, i reconeix que s\u00f3n suficients per a l&#8217;exclusi\u00f3 de l&#8217;error i, per tant, les accepta \u00edntegrament i expressament.[\/vc_column_text][\/vc_column][\/vc_row]<\/p>\n<\/div>","protected":false},"excerpt":{"rendered":"<p>[vc_row][vc_column column_width_percent=&#8221;75&#8243; gutter_size=&#8221;3&#8243; overlay_alpha=&#8221;50&#8243; shift_x=&#8221;0&#8243; shift_y=&#8221;0&#8243; shift_y_down=&#8221;0&#8243; z_index=&#8221;0&#8243; medium_width=&#8221;0&#8243; mobile_width=&#8221;0&#8243; width=&#8221;1\/1&#8243; uncode_shortcode_id=&#8221;205787&#8243;][vc_custom_heading uncode_shortcode_id=&#8221;650199&#8243;]Av\u00eds legal[\/vc_custom_heading][vc_column_text uncode_shortcode_id=&#8221;491775&#8243;]Aquesta p\u00e0gina Web \u00e9s propietat de [&hellip;]<\/p>\n","protected":false},"author":1,"featured_media":0,"parent":0,"menu_order":0,"comment_status":"closed","ping_status":"closed","template":"","meta":{"footnotes":""},"class_list":["post-89082","page","type-page","status-publish","hentry"],"_links":{"self":[{"href":"https:\/\/capitalcare.es\/ca\/wp-json\/wp\/v2\/pages\/89082","targetHints":{"allow":["GET"]}}],"collection":[{"href":"https:\/\/capitalcare.es\/ca\/wp-json\/wp\/v2\/pages"}],"about":[{"href":"https:\/\/capitalcare.es\/ca\/wp-json\/wp\/v2\/types\/page"}],"author":[{"embeddable":true,"href":"https:\/\/capitalcare.es\/ca\/wp-json\/wp\/v2\/users\/1"}],"replies":[{"embeddable":true,"href":"https:\/\/capitalcare.es\/ca\/wp-json\/wp\/v2\/comments?post=89082"}],"version-history":[{"count":14,"href":"https:\/\/capitalcare.es\/ca\/wp-json\/wp\/v2\/pages\/89082\/revisions"}],"predecessor-version":[{"id":89105,"href":"https:\/\/capitalcare.es\/ca\/wp-json\/wp\/v2\/pages\/89082\/revisions\/89105"}],"wp:attachment":[{"href":"https:\/\/capitalcare.es\/ca\/wp-json\/wp\/v2\/media?parent=89082"}],"curies":[{"name":"wp","href":"https:\/\/api.w.org\/{rel}","templated":true}]}}